{"id":4497,"date":"2026-03-23T10:37:08","date_gmt":"2026-03-23T09:37:08","guid":{"rendered":"https:\/\/savoiaguest.savoiaterme.it\/menu-du-restaurant\/piatto-del-giorno\/"},"modified":"2026-03-23T15:25:08","modified_gmt":"2026-03-23T14:25:08","slug":"plat-du-jour","status":"publish","type":"page","link":"https:\/\/savoiaguest.savoiaterme.it\/fr\/menu-du-restaurant\/plat-du-jour\/","title":{"rendered":"Plat du jour"},"content":{"rendered":"\t\t<div data-elementor-type=\"wp-page\" data-elementor-id=\"4497\" class=\"elementor elementor-4497 elementor-4491\" data-elementor-post-type=\"page\">\n\t\t\t\t<div class=\"elementor-element elementor-element-213a76f e-flex e-con-boxed e-con e-parent\" data-id=\"213a76f\" data-element_type=\"container\" data-e-type=\"container\">\n\t\t\t\t\t<div class=\"e-con-inner\">\n\t\t\t\t<div class=\"elementor-element elementor-element-55526a8 elementor-view-framed elementor-position-inline-start elementor-mobile-position-inline-start elementor-shape-circle elementor-widget elementor-widget-icon-box\" data-id=\"55526a8\" data-element_type=\"widget\" data-e-type=\"widget\" data-widget_type=\"icon-box.default\">\n\t\t\t\t\t\t\t<div class=\"elementor-icon-box-wrapper\">\n\n\t\t\t\t\t\t<div class=\"elementor-icon-box-icon\">\n\t\t\t\t<span  class=\"elementor-icon\">\n\t\t\t\t<svg xmlns=\"http:\/\/www.w3.org\/2000\/svg\" width=\"32\" height=\"32\" fill=\"#86267A\" viewBox=\"0 0 256 256\"><path d=\"M72,88V40a8,8,0,0,1,16,0V88a8,8,0,0,1-16,0ZM216,40V224a8,8,0,0,1-16,0V176H152a8,8,0,0,1-8-8,268.75,268.75,0,0,1,7.22-56.88c9.78-40.49,28.32-67.63,53.63-78.47A8,8,0,0,1,216,40ZM200,53.9c-32.17,24.57-38.47,84.42-39.7,106.1H200ZM119.89,38.69a8,8,0,1,0-15.78,2.63L112,88.63a32,32,0,0,1-64,0l7.88-47.31a8,8,0,1,0-15.78-2.63l-8,48A8.17,8.17,0,0,0,32,88a48.07,48.07,0,0,0,40,47.32V224a8,8,0,0,0,16,0V135.32A48.07,48.07,0,0,0,128,88a8.17,8.17,0,0,0-.11-1.31Z\"><\/path><\/svg>\t\t\t\t<\/span>\n\t\t\t<\/div>\n\t\t\t\n\t\t\t\t\t\t<div class=\"elementor-icon-box-content\">\n\n\t\t\t\t\t\t\t\t\t<h1 class=\"elementor-icon-box-title\">\n\t\t\t\t\t\t<span  >\n\t\t\t\t\t\t\tPlat du jour\t\t\t\t\t\t<\/span>\n\t\t\t\t\t<\/h1>\n\t\t\t\t\n\t\t\t\t\n\t\t\t<\/div>\n\t\t\t\n\t\t<\/div>\n\t\t\t\t\t\t<\/div>\n\t\t\t\t\t<\/div>\n\t\t\t\t<\/div>\n\t\t<div class=\"elementor-element elementor-element-a1564d3 e-flex e-con-boxed e-con e-parent\" data-id=\"a1564d3\" data-element_type=\"container\" data-e-type=\"container\">\n\t\t\t\t\t<div class=\"e-con-inner\">\n\t\t<div class=\"elementor-element elementor-element-6a2f422 e-con-full bkg-glass-no-animation e-flex e-con e-child\" data-id=\"6a2f422\" data-element_type=\"container\" data-e-type=\"container\">\n\t\t\t\t<div class=\"elementor-element elementor-element-8a3a960 elementor-widget elementor-widget-heading\" data-id=\"8a3a960\" data-element_type=\"widget\" data-e-type=\"widget\" data-widget_type=\"heading.default\">\n\t\t\t\t\t<h2 class=\"elementor-heading-title elementor-size-default\">Andrea Dan Chef de l\u2019H\u00f4tel Savoia Thermae &amp; Spa\n\n<\/h2>\t\t\t\t<\/div>\n\t\t\t\t<div class=\"elementor-element elementor-element-ab69c1d elementor-widget__width-initial elementor-widget elementor-widget-text-editor\" data-id=\"ab69c1d\" data-element_type=\"widget\" data-e-type=\"widget\" data-widget_type=\"text-editor.default\">\n\t\t\t\t\t\t\t\t\t<p>Avec ma cuisine, je veux vous offrir une exp\u00e9rience sensorielle unique de saveurs authentiques et d\u2019innovations culinaires.<\/p><p>Je vous invite \u00e0 d\u00e9couvrir notre restaurant \u00ab Il Savoiardo \u00bb, o\u00f9 chaque plat raconte une histoire et rend votre s\u00e9jour inoubliable.<\/p>\t\t\t\t\t\t\t\t<\/div>\n\t\t\t\t<\/div>\n\t\t\t\t\t<\/div>\n\t\t\t\t<\/div>\n\t\t<div class=\"elementor-element elementor-element-2ac37fc e-flex e-con-boxed e-con e-parent\" data-id=\"2ac37fc\" data-element_type=\"container\" data-e-type=\"container\">\n\t\t\t\t\t<div class=\"e-con-inner\">\n\t\t\t\t<div class=\"elementor-element elementor-element-4a2ef70 elementor-widget elementor-widget-shortcode\" data-id=\"4a2ef70\" data-element_type=\"widget\" data-e-type=\"widget\" data-widget_type=\"shortcode.default\">\n\t\t\t\t\t\t\t<div class=\"elementor-shortcode\"><div data-elementor-type=\"loop-item\" data-elementor-id=\"1984\" class=\"elementor elementor-1984 e-loop-item e-loop-item-2219 post-2370 piatto type-piatto status-publish hentry piatto-del-giorno-piatto-del-giorno tipologia-piatto-secondo\" data-elementor-post-type=\"elementor_library\" data-custom-edit-handle=\"1\"><div class=\"elementor-element elementor-element-9424e08 e-flex e-con-boxed e-con e-parent e-lazyloaded\" data-id=\"9424e08\" data-element_type=\"container\" data-e-type=\"container\"><div class=\"e-con-inner\"><div class=\"elementor-element elementor-element-bf7ed8c e-con-full bkg-glass-no-animation e-flex e-con e-child\" data-id=\"bf7ed8c\" data-element_type=\"container\" data-e-type=\"container\"><div class=\"elementor-element elementor-element-396f1ee e-con-full e-flex e-con e-child\" data-id=\"396f1ee\" data-element_type=\"container\" data-e-type=\"container\"><div class=\"elementor-element elementor-element-4b2b0f8 elementor-widget elementor-widget-heading\" data-id=\"4b2b0f8\" data-element_type=\"widget\" data-e-type=\"widget\" data-widget_type=\"heading.default\"><h2 class=\"elementor-heading-title elementor-size-default\">Risotto aux fruits de mer<\/h2><\/div><div class=\"elementor-element elementor-element-piatto-meta elementor-widget elementor-widget-text-editor\" data-id=\"piatto-meta\" data-element_type=\"widget\" data-widget_type=\"text-editor.default\"><div class=\"elementor-text-editor elementor-clearfix\"><p>D\u00eener, plat principal<\/p><\/div><\/div><div class=\"elementor-element elementor-element-cd8685a elementor-widget elementor-widget-heading\" data-id=\"cd8685a\" data-element_type=\"widget\" data-e-type=\"widget\" data-widget_type=\"heading.default\"><h6 class=\"elementor-heading-title elementor-size-default\">ALLERG\u00c8NES<\/h6><\/div><div class=\"elementor-element elementor-element-69dc728 elementor-widget__width-inherit elementor-widget elementor-widget-shortcode\" data-id=\"69dc728\" data-element_type=\"widget\" data-e-type=\"widget\" data-widget_type=\"shortcode.default\"><div class=\"elementor-shortcode\"><div class=\"menu-item__icone\"><div class=\"mb-3 menu-item__allergens\" aria-label=\"Allergeni\">(2, 4, 7, 9, 14)<\/div><span class=\"menu-item__icona menu-item__icona--it_icona_piatto_1\"><img decoding=\"async\" src=\"https:\/\/savoiaguest.savoiaterme.it\/wp-content\/uploads\/2025\/11\/gluten_free.png\" alt=\"No Glutine\" loading=\"lazy\"><\/span><\/div><\/div><\/div><\/div><\/div><\/div><\/div><div data-elementor-type=\"loop-item\" data-elementor-id=\"1984\" class=\"elementor elementor-1984 e-loop-item e-loop-item-2219 post-2350 piatto type-piatto status-publish hentry piatto-del-giorno-piatto-del-giorno tipologia-piatto-secondo\" data-elementor-post-type=\"elementor_library\" data-custom-edit-handle=\"1\"><div class=\"elementor-element elementor-element-9424e08 e-flex e-con-boxed e-con e-parent e-lazyloaded\" data-id=\"9424e08\" data-element_type=\"container\" data-e-type=\"container\"><div class=\"e-con-inner\"><div class=\"elementor-element elementor-element-bf7ed8c e-con-full bkg-glass-no-animation e-flex e-con e-child\" data-id=\"bf7ed8c\" data-element_type=\"container\" data-e-type=\"container\"><div class=\"elementor-element elementor-element-396f1ee e-con-full e-flex e-con e-child\" data-id=\"396f1ee\" data-element_type=\"container\" data-e-type=\"container\"><div class=\"elementor-element elementor-element-4b2b0f8 elementor-widget elementor-widget-heading\" data-id=\"4b2b0f8\" data-element_type=\"widget\" data-e-type=\"widget\" data-widget_type=\"heading.default\"><h2 class=\"elementor-heading-title elementor-size-default\">P\u00e2tes Rigatoni \u00e0 la Gricia avec guanciale et oignon blanc<\/h2><\/div><div class=\"elementor-element elementor-element-piatto-meta elementor-widget elementor-widget-text-editor\" data-id=\"piatto-meta\" data-element_type=\"widget\" data-widget_type=\"text-editor.default\"><div class=\"elementor-text-editor elementor-clearfix\"><p>D\u00e9jeuner, plat principal<\/p><\/div><\/div><div class=\"elementor-element elementor-element-cd8685a elementor-widget elementor-widget-heading\" data-id=\"cd8685a\" data-element_type=\"widget\" data-e-type=\"widget\" data-widget_type=\"heading.default\"><h6 class=\"elementor-heading-title elementor-size-default\">ALLERG\u00c8NES<\/h6><\/div><div class=\"elementor-element elementor-element-69dc728 elementor-widget__width-inherit elementor-widget elementor-widget-shortcode\" data-id=\"69dc728\" data-element_type=\"widget\" data-e-type=\"widget\" data-widget_type=\"shortcode.default\"><div class=\"elementor-shortcode\"><div class=\"menu-item__icone\"><div class=\"mb-3 menu-item__allergens\" aria-label=\"Allergeni\">(1)<\/div><span class=\"menu-item__icona menu-item__icona--it_icona_piatto_1\"><img decoding=\"async\" src=\"https:\/\/savoiaguest.savoiaterme.it\/wp-content\/uploads\/2025\/11\/gluten_free.png\" alt=\"No Glutine\" loading=\"lazy\"><\/span><\/div><\/div><\/div><\/div><\/div><\/div><\/div><\/div>\n\t\t\t\t\t\t<\/div>\n\t\t\t\t\t<\/div>\n\t\t\t\t<\/div>\n\t\t<div class=\"elementor-element elementor-element-1d54536 e-flex e-con-boxed e-con e-parent\" data-id=\"1d54536\" data-element_type=\"container\" data-e-type=\"container\">\n\t\t\t\t\t<div class=\"e-con-inner\">\n\t\t<div class=\"elementor-element elementor-element-a493b78 e-con-full bkg-glass-no-animation e-flex e-con e-child\" data-id=\"a493b78\" data-element_type=\"container\" data-e-type=\"container\">\n\t\t\t\t<div class=\"elementor-element elementor-element-8f11e7f elementor-widget elementor-widget-heading\" data-id=\"8f11e7f\" data-element_type=\"widget\" data-e-type=\"widget\" data-widget_type=\"heading.default\">\n\t\t\t\t\t<h2 class=\"elementor-heading-title elementor-size-default\">L\u00c9GENDE DES ALLERG\u00c8NES\n<\/h2>\t\t\t\t<\/div>\n\t\t\t\t<div class=\"elementor-element elementor-element-8f5712b elementor-widget elementor-widget-shortcode\" data-id=\"8f5712b\" data-element_type=\"widget\" data-e-type=\"widget\" data-widget_type=\"shortcode.default\">\n\t\t\t\t\t\t\t<div class=\"elementor-shortcode\"><ul class=\"allergen-icons\"><li class=\"allergen-icons__item\"><img loading=\"lazy\" decoding=\"async\" width=\"200\" height=\"200\" src=\"https:\/\/savoiaguest.savoiaterme.it\/wp-content\/uploads\/2025\/11\/lactose_free.png\" class=\"allergen-icons__img\" alt=\"\" loading=\"lazy\" description=\"\" srcset=\"https:\/\/savoiaguest.savoiaterme.it\/wp-content\/uploads\/2025\/11\/lactose_free.png 200w, https:\/\/savoiaguest.savoiaterme.it\/wp-content\/uploads\/2025\/11\/lactose_free-150x150.png 150w\" sizes=\"auto, (max-width: 200px) 100vw, 200px\" \/><span>Sans lactose<\/span><\/li><li class=\"allergen-icons__item\"><img loading=\"lazy\" decoding=\"async\" width=\"200\" height=\"200\" src=\"https:\/\/savoiaguest.savoiaterme.it\/wp-content\/uploads\/2025\/11\/lactose-gluten_free.png\" class=\"allergen-icons__img\" alt=\"\" loading=\"lazy\" description=\"\" srcset=\"https:\/\/savoiaguest.savoiaterme.it\/wp-content\/uploads\/2025\/11\/lactose-gluten_free.png 200w, https:\/\/savoiaguest.savoiaterme.it\/wp-content\/uploads\/2025\/11\/lactose-gluten_free-150x150.png 150w\" sizes=\"auto, (max-width: 200px) 100vw, 200px\" \/><span>Sans gluten, sans lactose<\/span><\/li><li class=\"allergen-icons__item\"><img loading=\"lazy\" decoding=\"async\" width=\"200\" height=\"200\" src=\"https:\/\/savoiaguest.savoiaterme.it\/wp-content\/uploads\/2025\/11\/gluten_free.png\" class=\"allergen-icons__img\" alt=\"\" loading=\"lazy\" description=\"\" srcset=\"https:\/\/savoiaguest.savoiaterme.it\/wp-content\/uploads\/2025\/11\/gluten_free.png 200w, https:\/\/savoiaguest.savoiaterme.it\/wp-content\/uploads\/2025\/11\/gluten_free-150x150.png 150w\" sizes=\"auto, (max-width: 200px) 100vw, 200px\" \/><span>Sans gluten<\/span><\/li><\/ul><\/div>\n\t\t\t\t\t\t<\/div>\n\t\t\t\t<div class=\"elementor-element elementor-element-d5563c5 elementor-widget elementor-widget-shortcode\" data-id=\"d5563c5\" data-element_type=\"widget\" data-e-type=\"widget\" data-widget_type=\"shortcode.default\">\n\t\t\t\t\t\t\t<div class=\"elementor-shortcode\"><section class=\"allergens-table\" aria-labelledby=\"allergens-title\"><table id=\"table-allergens\" class=\"allergens-table__table\" aria-describedby=\"allergens-title\"><caption class=\"screen-reader-text\">Allergeni<\/caption><thead><tr><th scope=\"col\" class=\"allergens-table__th-index\">#<\/th><th scope=\"col\" class=\"allergens-table__th-desc\">Descrizione<\/th><\/tr><\/thead><tbody><tr id=\"allergen-1\"><th scope=\"row\" class=\"allergens-table__index\">1<\/th><td class=\"allergens-table__desc\">C\u00e9r\u00e9ales contenant du gluten (bl\u00e9, seigle, orge, avoine, \u00e9peautre, kamut ou leurs souches hybrid\u00e9es) et produits d\u00e9riv\u00e9s, \u00e0 l'exception des sirops de glucose \u00e0 base de bl\u00e9, des maltodextrines \u00e0 base de bl\u00e9, des sirops de glucose \u00e0 base d'orge ; c\u00e9r\u00e9ales utilis\u00e9es pour la fabrication de spiritueux, y compris l'alcool \u00e9thylique d'origine agricole.<\/td><\/tr><tr id=\"allergen-2\"><th scope=\"row\" class=\"allergens-table__index\">2<\/th><td class=\"allergens-table__desc\">Crustac\u00e9s et produits \u00e0 base de crustac\u00e9s<\/td><\/tr><tr id=\"allergen-3\"><th scope=\"row\" class=\"allergens-table__index\">3<\/th><td class=\"allergens-table__desc\">\u0152ufs et produits \u00e0 base d'\u0153ufs (y compris les \u0153ufs de toutes les esp\u00e8ces)<\/td><\/tr><tr id=\"allergen-4\"><th scope=\"row\" class=\"allergens-table__index\">4<\/th><td class=\"allergens-table__desc\">Poisson et produits \u00e0 base de poisson, \u00e0 l'exception de : la g\u00e9latine de poisson utilis\u00e9e comme support pour les pr\u00e9parations \u00e0 base de vitamines ou de carot\u00e9no\u00efdes ; la g\u00e9latine ou la colle de poisson utilis\u00e9e comme clarifiant dans la bi\u00e8re et le vin.<\/td><\/tr><tr id=\"allergen-5\"><th scope=\"row\" class=\"allergens-table__index\">5<\/th><td class=\"allergens-table__desc\">Arachides et produits \u00e0 base d'arachides<\/td><\/tr><tr id=\"allergen-6\"><th scope=\"row\" class=\"allergens-table__index\">6<\/th><td class=\"allergens-table__desc\">Soja et produits \u00e0 base de soja, \u00e0 l'exception : de l'huile et de la graisse de soja raffin\u00e9es ; des tocoph\u00e9rols naturels m\u00e9lang\u00e9s (E306), de l'ac\u00e9tate de tocoph\u00e9rol D-alpha naturel ; du tocoph\u00e9rol D-alpha naturel ; du succinate de tocoph\u00e9rol naturel \u00e0 base de soja ; huiles v\u00e9g\u00e9tales d\u00e9riv\u00e9es de phytost\u00e9rols et d'esters de phytost\u00e9rols \u00e0 base de soja ; ester v\u00e9g\u00e9tal de st\u00e9rol produit \u00e0 partir de st\u00e9rols d'huile \u00e0 base de soja.<\/td><\/tr><tr id=\"allergen-7\"><th scope=\"row\" class=\"allergens-table__index\">7<\/th><td class=\"allergens-table__desc\">Lait et produits \u00e0 base de lait. \u00c0 l'exception du lactos\u00e9rum utilis\u00e9 pour la fabrication d'alcools, y compris l'alcool \u00e9thylique d'origine agricole et le lactitol (ceci inclut le lait de vache, de ch\u00e8vre, de brebis et tous les produits d\u00e9riv\u00e9s).<\/td><\/tr><tr id=\"allergen-8\"><th scope=\"row\" class=\"allergens-table__index\">8<\/th><td class=\"allergens-table__desc\">Fruits \u00e0 coque, amandes (amigdalus communis L.), noisettes (Corylus avellana), noix (Juglans regia), noix de cajou (Anacardium occidentale), noix de p\u00e9can (Carya illinoiensis \u2013 Wangenh \u2013 K. Koch), noix du Br\u00e9sil (Bertholletia excelsa), pistaches (Pistacia vera) ; noix de macadamia ou noix du Queensland (macadamia ternifolia) et leurs produits d\u00e9riv\u00e9s, \u00e0 l'exception des fruits \u00e0 coque utilis\u00e9s pour la fabrication de spiritueux, y compris l'alcool \u00e9thylique d'origine agricole<\/td><\/tr><tr id=\"allergen-9\"><th scope=\"row\" class=\"allergens-table__index\">9<\/th><td class=\"allergens-table__desc\">C\u00e9leri et produits \u00e0 base de c\u00e9leri<\/td><\/tr><tr id=\"allergen-10\"><th scope=\"row\" class=\"allergens-table__index\">10<\/th><td class=\"allergens-table__desc\">Moutarde et produits \u00e0 base de moutarde<\/td><\/tr><tr id=\"allergen-11\"><th scope=\"row\" class=\"allergens-table__index\">11<\/th><td class=\"allergens-table__desc\">Graines de s\u00e9same et produits \u00e0 base de s\u00e9same<\/td><\/tr><tr id=\"allergen-12\"><th scope=\"row\" class=\"allergens-table__index\">12<\/th><td class=\"allergens-table__desc\">Anhydride sulfureux et sulfites en concentrations sup\u00e9rieures \u00e0 10 mg\/kg ou 10 mg\/l exprim\u00e9es en termes de SO2 total \u00e0 calculer pour les produits tels qu'ils sont propos\u00e9s pr\u00eats \u00e0 la consommation ou reconstitu\u00e9s conform\u00e9ment aux instructions des fabricants.<\/td><\/tr><tr id=\"allergen-13\"><th scope=\"row\" class=\"allergens-table__index\">13<\/th><td class=\"allergens-table__desc\">Lupins et produits \u00e0 base de lupins<\/td><\/tr><tr id=\"allergen-14\"><th scope=\"row\" class=\"allergens-table__index\">14<\/th><td class=\"allergens-table__desc\">Mollusques et produits \u00e0 base de mollusques<\/td><\/tr><\/tbody><\/table><\/section>\n<\/div>\n\t\t\t\t\t\t<\/div>\n\t\t\t\t<\/div>\n\t\t\t\t\t<\/div>\n\t\t\t\t<\/div>\n\t\t\t\t<\/div>\n\t\t","protected":false},"excerpt":{"rendered":"<p>Plat du jour Andrea Dan Chef de l\u2019H\u00f4tel Savoia Thermae &amp; Spa Avec ma cuisine, je veux vous offrir une exp\u00e9rience sensorielle unique de saveurs authentiques et d\u2019innovations culinaires. Je vous invite \u00e0 d\u00e9couvrir notre restaurant \u00ab Il Savoiardo \u00bb, o\u00f9 chaque plat raconte une histoire et rend votre s\u00e9jour inoubliable. L\u00c9GENDE DES ALLERG\u00c8NES<\/p>\n","protected":false},"author":3,"featured_media":0,"parent":2969,"menu_order":1,"comment_status":"closed","ping_status":"closed","template":"","meta":{"_acf_changed":false,"inline_featured_image":false,"footnotes":""},"class_list":["post-4497","page","type-page","status-publish","hentry"],"acf":[],"yoast_head":"<!-- This site is optimized with the Yoast SEO plugin v27.1.1 - https:\/\/yoast.com\/product\/yoast-seo-wordpress\/ -->\n<title>Plat du jour | Savoiaguest<\/title>\n<meta name=\"robots\" content=\"index, follow, max-snippet:-1, max-image-preview:large, max-video-preview:-1\" \/>\n<link rel=\"canonical\" href=\"https:\/\/savoiaguest.savoiaterme.it\/fr\/menu-du-restaurant\/plat-du-jour\/\" \/>\n<meta property=\"og:locale\" content=\"fr_FR\" \/>\n<meta property=\"og:type\" content=\"article\" \/>\n<meta property=\"og:title\" content=\"Plat du jour | Savoiaguest\" \/>\n<meta property=\"og:description\" content=\"Plat du jour Andrea Dan Chef de l\u2019H\u00f4tel Savoia Thermae &amp; Spa Avec ma cuisine, je veux vous offrir une exp\u00e9rience sensorielle unique de saveurs authentiques et d\u2019innovations culinaires. Je vous invite \u00e0 d\u00e9couvrir notre restaurant \u00ab Il Savoiardo \u00bb, o\u00f9 chaque plat raconte une histoire et rend votre s\u00e9jour inoubliable. L\u00c9GENDE DES ALLERG\u00c8NES\" \/>\n<meta property=\"og:url\" content=\"https:\/\/savoiaguest.savoiaterme.it\/fr\/menu-du-restaurant\/plat-du-jour\/\" \/>\n<meta property=\"og:site_name\" content=\"Savoiaguest\" \/>\n<meta property=\"article:publisher\" content=\"http:\/\/www.facebook.com\/savoiaterme\" \/>\n<meta property=\"article:modified_time\" content=\"2026-03-23T14:25:08+00:00\" \/>\n<meta property=\"og:image\" content=\"https:\/\/savoiaguest.savoiaterme.it\/wp-content\/uploads\/2025\/10\/logo_Savoia_infoguest.png\" \/>\n\t<meta property=\"og:image:width\" content=\"250\" \/>\n\t<meta property=\"og:image:height\" content=\"119\" \/>\n\t<meta property=\"og:image:type\" content=\"image\/png\" \/>\n<meta name=\"twitter:card\" content=\"summary_large_image\" \/>\n<script type=\"application\/ld+json\" class=\"yoast-schema-graph\">{\"@context\":\"https:\/\/schema.org\",\"@graph\":[{\"@type\":\"WebPage\",\"@id\":\"https:\/\/savoiaguest.savoiaterme.it\/fr\/menu-du-restaurant\/plat-du-jour\/\",\"url\":\"https:\/\/savoiaguest.savoiaterme.it\/fr\/menu-du-restaurant\/plat-du-jour\/\",\"name\":\"Plat du jour | Savoiaguest\",\"isPartOf\":{\"@id\":\"https:\/\/savoiaguest.savoiaterme.it\/fr\/#website\"},\"datePublished\":\"2026-03-23T09:37:08+00:00\",\"dateModified\":\"2026-03-23T14:25:08+00:00\",\"breadcrumb\":{\"@id\":\"https:\/\/savoiaguest.savoiaterme.it\/fr\/menu-du-restaurant\/plat-du-jour\/#breadcrumb\"},\"inLanguage\":\"fr-FR\",\"potentialAction\":[{\"@type\":\"ReadAction\",\"target\":[\"https:\/\/savoiaguest.savoiaterme.it\/fr\/menu-du-restaurant\/plat-du-jour\/\"]}]},{\"@type\":\"BreadcrumbList\",\"@id\":\"https:\/\/savoiaguest.savoiaterme.it\/fr\/menu-du-restaurant\/plat-du-jour\/#breadcrumb\",\"itemListElement\":[{\"@type\":\"ListItem\",\"position\":1,\"name\":\"Home\",\"item\":\"https:\/\/savoiaguest.savoiaterme.it\/fr\/\"},{\"@type\":\"ListItem\",\"position\":2,\"name\":\"Menu du restaurant\",\"item\":\"https:\/\/savoiaguest.savoiaterme.it\/fr\/menu-ristorante\/\"},{\"@type\":\"ListItem\",\"position\":3,\"name\":\"Plat du jour\"}]},{\"@type\":\"WebSite\",\"@id\":\"https:\/\/savoiaguest.savoiaterme.it\/fr\/#website\",\"url\":\"https:\/\/savoiaguest.savoiaterme.it\/fr\/\",\"name\":\"Savoia Infoguest\",\"description\":\"\",\"publisher\":{\"@id\":\"https:\/\/savoiaguest.savoiaterme.it\/fr\/#organization\"},\"potentialAction\":[{\"@type\":\"SearchAction\",\"target\":{\"@type\":\"EntryPoint\",\"urlTemplate\":\"https:\/\/savoiaguest.savoiaterme.it\/fr\/?s={search_term_string}\"},\"query-input\":{\"@type\":\"PropertyValueSpecification\",\"valueRequired\":true,\"valueName\":\"search_term_string\"}}],\"inLanguage\":\"fr-FR\"},{\"@type\":\"Organization\",\"@id\":\"https:\/\/savoiaguest.savoiaterme.it\/fr\/#organization\",\"name\":\"Savoia Infoguest\",\"url\":\"https:\/\/savoiaguest.savoiaterme.it\/fr\/\",\"logo\":{\"@type\":\"ImageObject\",\"inLanguage\":\"fr-FR\",\"@id\":\"https:\/\/savoiaguest.savoiaterme.it\/fr\/#\/schema\/logo\/image\/\",\"url\":\"https:\/\/savoiaguest.savoiaterme.it\/wp-content\/uploads\/2025\/10\/logo_Savoia_infoguest.png\",\"contentUrl\":\"https:\/\/savoiaguest.savoiaterme.it\/wp-content\/uploads\/2025\/10\/logo_Savoia_infoguest.png\",\"width\":250,\"height\":119,\"caption\":\"Savoia Infoguest\"},\"image\":{\"@id\":\"https:\/\/savoiaguest.savoiaterme.it\/fr\/#\/schema\/logo\/image\/\"},\"sameAs\":[\"http:\/\/www.facebook.com\/savoiaterme\",\"https:\/\/www.instagram.com\/savoiatermeabano\/\",\"https:\/\/wa.me\/393371083111\"]}]}<\/script>\n<!-- \/ Yoast SEO plugin. -->","yoast_head_json":{"title":"Plat du jour | Savoiaguest","robots":{"index":"index","follow":"follow","max-snippet":"max-snippet:-1","max-image-preview":"max-image-preview:large","max-video-preview":"max-video-preview:-1"},"canonical":"https:\/\/savoiaguest.savoiaterme.it\/fr\/menu-du-restaurant\/plat-du-jour\/","og_locale":"fr_FR","og_type":"article","og_title":"Plat du jour | Savoiaguest","og_description":"Plat du jour Andrea Dan Chef de l\u2019H\u00f4tel Savoia Thermae &amp; Spa Avec ma cuisine, je veux vous offrir une exp\u00e9rience sensorielle unique de saveurs authentiques et d\u2019innovations culinaires. Je vous invite \u00e0 d\u00e9couvrir notre restaurant \u00ab Il Savoiardo \u00bb, o\u00f9 chaque plat raconte une histoire et rend votre s\u00e9jour inoubliable. L\u00c9GENDE DES ALLERG\u00c8NES","og_url":"https:\/\/savoiaguest.savoiaterme.it\/fr\/menu-du-restaurant\/plat-du-jour\/","og_site_name":"Savoiaguest","article_publisher":"http:\/\/www.facebook.com\/savoiaterme","article_modified_time":"2026-03-23T14:25:08+00:00","og_image":[{"width":250,"height":119,"url":"https:\/\/savoiaguest.savoiaterme.it\/wp-content\/uploads\/2025\/10\/logo_Savoia_infoguest.png","type":"image\/png"}],"twitter_card":"summary_large_image","schema":{"@context":"https:\/\/schema.org","@graph":[{"@type":"WebPage","@id":"https:\/\/savoiaguest.savoiaterme.it\/fr\/menu-du-restaurant\/plat-du-jour\/","url":"https:\/\/savoiaguest.savoiaterme.it\/fr\/menu-du-restaurant\/plat-du-jour\/","name":"Plat du jour | Savoiaguest","isPartOf":{"@id":"https:\/\/savoiaguest.savoiaterme.it\/fr\/#website"},"datePublished":"2026-03-23T09:37:08+00:00","dateModified":"2026-03-23T14:25:08+00:00","breadcrumb":{"@id":"https:\/\/savoiaguest.savoiaterme.it\/fr\/menu-du-restaurant\/plat-du-jour\/#breadcrumb"},"inLanguage":"fr-FR","potentialAction":[{"@type":"ReadAction","target":["https:\/\/savoiaguest.savoiaterme.it\/fr\/menu-du-restaurant\/plat-du-jour\/"]}]},{"@type":"BreadcrumbList","@id":"https:\/\/savoiaguest.savoiaterme.it\/fr\/menu-du-restaurant\/plat-du-jour\/#breadcrumb","itemListElement":[{"@type":"ListItem","position":1,"name":"Home","item":"https:\/\/savoiaguest.savoiaterme.it\/fr\/"},{"@type":"ListItem","position":2,"name":"Menu du restaurant","item":"https:\/\/savoiaguest.savoiaterme.it\/fr\/menu-ristorante\/"},{"@type":"ListItem","position":3,"name":"Plat du jour"}]},{"@type":"WebSite","@id":"https:\/\/savoiaguest.savoiaterme.it\/fr\/#website","url":"https:\/\/savoiaguest.savoiaterme.it\/fr\/","name":"Savoia Infoguest","description":"","publisher":{"@id":"https:\/\/savoiaguest.savoiaterme.it\/fr\/#organization"},"potentialAction":[{"@type":"SearchAction","target":{"@type":"EntryPoint","urlTemplate":"https:\/\/savoiaguest.savoiaterme.it\/fr\/?s={search_term_string}"},"query-input":{"@type":"PropertyValueSpecification","valueRequired":true,"valueName":"search_term_string"}}],"inLanguage":"fr-FR"},{"@type":"Organization","@id":"https:\/\/savoiaguest.savoiaterme.it\/fr\/#organization","name":"Savoia Infoguest","url":"https:\/\/savoiaguest.savoiaterme.it\/fr\/","logo":{"@type":"ImageObject","inLanguage":"fr-FR","@id":"https:\/\/savoiaguest.savoiaterme.it\/fr\/#\/schema\/logo\/image\/","url":"https:\/\/savoiaguest.savoiaterme.it\/wp-content\/uploads\/2025\/10\/logo_Savoia_infoguest.png","contentUrl":"https:\/\/savoiaguest.savoiaterme.it\/wp-content\/uploads\/2025\/10\/logo_Savoia_infoguest.png","width":250,"height":119,"caption":"Savoia Infoguest"},"image":{"@id":"https:\/\/savoiaguest.savoiaterme.it\/fr\/#\/schema\/logo\/image\/"},"sameAs":["http:\/\/www.facebook.com\/savoiaterme","https:\/\/www.instagram.com\/savoiatermeabano\/","https:\/\/wa.me\/393371083111"]}]}},"_links":{"self":[{"href":"https:\/\/savoiaguest.savoiaterme.it\/fr\/wp-json\/wp\/v2\/pages\/4497","targetHints":{"allow":["GET"]}}],"collection":[{"href":"https:\/\/savoiaguest.savoiaterme.it\/fr\/wp-json\/wp\/v2\/pages"}],"about":[{"href":"https:\/\/savoiaguest.savoiaterme.it\/fr\/wp-json\/wp\/v2\/types\/page"}],"author":[{"embeddable":true,"href":"https:\/\/savoiaguest.savoiaterme.it\/fr\/wp-json\/wp\/v2\/users\/3"}],"replies":[{"embeddable":true,"href":"https:\/\/savoiaguest.savoiaterme.it\/fr\/wp-json\/wp\/v2\/comments?post=4497"}],"version-history":[{"count":7,"href":"https:\/\/savoiaguest.savoiaterme.it\/fr\/wp-json\/wp\/v2\/pages\/4497\/revisions"}],"predecessor-version":[{"id":4606,"href":"https:\/\/savoiaguest.savoiaterme.it\/fr\/wp-json\/wp\/v2\/pages\/4497\/revisions\/4606"}],"up":[{"embeddable":true,"href":"https:\/\/savoiaguest.savoiaterme.it\/fr\/wp-json\/wp\/v2\/pages\/2969"}],"wp:attachment":[{"href":"https:\/\/savoiaguest.savoiaterme.it\/fr\/wp-json\/wp\/v2\/media?parent=4497"}],"curies":[{"name":"wp","href":"https:\/\/api.w.org\/{rel}","templated":true}]}}