{"id":4498,"date":"2026-03-23T10:37:08","date_gmt":"2026-03-23T09:37:08","guid":{"rendered":"https:\/\/savoiaguest.savoiaterme.it\/restaurant-menue\/piatto-del-giorno\/"},"modified":"2026-03-23T15:25:41","modified_gmt":"2026-03-23T14:25:41","slug":"tagesgericht","status":"publish","type":"page","link":"https:\/\/savoiaguest.savoiaterme.it\/de\/restaurant-menue\/tagesgericht\/","title":{"rendered":"Tagesgericht"},"content":{"rendered":"\t\t<div data-elementor-type=\"wp-page\" data-elementor-id=\"4498\" class=\"elementor elementor-4498 elementor-4491\" data-elementor-post-type=\"page\">\n\t\t\t\t<div class=\"elementor-element elementor-element-213a76f e-flex e-con-boxed e-con e-parent\" data-id=\"213a76f\" data-element_type=\"container\" data-e-type=\"container\">\n\t\t\t\t\t<div class=\"e-con-inner\">\n\t\t\t\t<div class=\"elementor-element elementor-element-55526a8 elementor-view-framed elementor-position-inline-start elementor-mobile-position-inline-start elementor-shape-circle elementor-widget elementor-widget-icon-box\" data-id=\"55526a8\" data-element_type=\"widget\" data-e-type=\"widget\" data-widget_type=\"icon-box.default\">\n\t\t\t\t\t\t\t<div class=\"elementor-icon-box-wrapper\">\n\n\t\t\t\t\t\t<div class=\"elementor-icon-box-icon\">\n\t\t\t\t<span  class=\"elementor-icon\">\n\t\t\t\t<svg xmlns=\"http:\/\/www.w3.org\/2000\/svg\" width=\"32\" height=\"32\" fill=\"#86267A\" viewBox=\"0 0 256 256\"><path d=\"M72,88V40a8,8,0,0,1,16,0V88a8,8,0,0,1-16,0ZM216,40V224a8,8,0,0,1-16,0V176H152a8,8,0,0,1-8-8,268.75,268.75,0,0,1,7.22-56.88c9.78-40.49,28.32-67.63,53.63-78.47A8,8,0,0,1,216,40ZM200,53.9c-32.17,24.57-38.47,84.42-39.7,106.1H200ZM119.89,38.69a8,8,0,1,0-15.78,2.63L112,88.63a32,32,0,0,1-64,0l7.88-47.31a8,8,0,1,0-15.78-2.63l-8,48A8.17,8.17,0,0,0,32,88a48.07,48.07,0,0,0,40,47.32V224a8,8,0,0,0,16,0V135.32A48.07,48.07,0,0,0,128,88a8.17,8.17,0,0,0-.11-1.31Z\"><\/path><\/svg>\t\t\t\t<\/span>\n\t\t\t<\/div>\n\t\t\t\n\t\t\t\t\t\t<div class=\"elementor-icon-box-content\">\n\n\t\t\t\t\t\t\t\t\t<h1 class=\"elementor-icon-box-title\">\n\t\t\t\t\t\t<span  >\n\t\t\t\t\t\t\tTagesgericht\t\t\t\t\t\t<\/span>\n\t\t\t\t\t<\/h1>\n\t\t\t\t\n\t\t\t\t\n\t\t\t<\/div>\n\t\t\t\n\t\t<\/div>\n\t\t\t\t\t\t<\/div>\n\t\t\t\t\t<\/div>\n\t\t\t\t<\/div>\n\t\t<div class=\"elementor-element elementor-element-e3fe15e e-flex e-con-boxed e-con e-parent\" data-id=\"e3fe15e\" data-element_type=\"container\" data-e-type=\"container\">\n\t\t\t\t\t<div class=\"e-con-inner\">\n\t\t<div class=\"elementor-element elementor-element-726bdda e-con-full bkg-glass-no-animation e-flex e-con e-child\" data-id=\"726bdda\" data-element_type=\"container\" data-e-type=\"container\">\n\t\t\t\t<div class=\"elementor-element elementor-element-ed64ef0 elementor-widget elementor-widget-heading\" data-id=\"ed64ef0\" data-element_type=\"widget\" data-e-type=\"widget\" data-widget_type=\"heading.default\">\n\t\t\t\t\t<h2 class=\"elementor-heading-title elementor-size-default\">Andrea Dan K\u00fcchenchef des Hotel Savoia Thermae &amp; Spa\n\n<\/h2>\t\t\t\t<\/div>\n\t\t\t\t<div class=\"elementor-element elementor-element-ed3e1df elementor-widget__width-initial elementor-widget elementor-widget-text-editor\" data-id=\"ed3e1df\" data-element_type=\"widget\" data-e-type=\"widget\" data-widget_type=\"text-editor.default\">\n\t\t\t\t\t\t\t\t\t<p>Mit meiner K\u00fcche m\u00f6chte ich Ihnen ein einzigartiges sensorisches Erlebnis mit authentischen Aromen und kulinarischen Innovationen bieten.<\/p><p>Ich lade Sie ein, unser Restaurant \u201eIl Savoiardo\u201c zu entdecken, wo jedes Gericht eine Geschichte erz\u00e4hlt und Ihren Aufenthalt unvergesslich macht.<\/p>\t\t\t\t\t\t\t\t<\/div>\n\t\t\t\t<\/div>\n\t\t\t\t\t<\/div>\n\t\t\t\t<\/div>\n\t\t<div class=\"elementor-element elementor-element-2ac37fc e-flex e-con-boxed e-con e-parent\" data-id=\"2ac37fc\" data-element_type=\"container\" data-e-type=\"container\">\n\t\t\t\t\t<div class=\"e-con-inner\">\n\t\t\t\t<div class=\"elementor-element elementor-element-4a2ef70 elementor-widget elementor-widget-shortcode\" data-id=\"4a2ef70\" data-element_type=\"widget\" data-e-type=\"widget\" data-widget_type=\"shortcode.default\">\n\t\t\t\t\t\t\t<div class=\"elementor-shortcode\"><div data-elementor-type=\"loop-item\" data-elementor-id=\"1984\" class=\"elementor elementor-1984 e-loop-item e-loop-item-2219 post-2370 piatto type-piatto status-publish hentry piatto-del-giorno-piatto-del-giorno tipologia-piatto-secondo\" data-elementor-post-type=\"elementor_library\" data-custom-edit-handle=\"1\"><div class=\"elementor-element elementor-element-9424e08 e-flex e-con-boxed e-con e-parent e-lazyloaded\" data-id=\"9424e08\" data-element_type=\"container\" data-e-type=\"container\"><div class=\"e-con-inner\"><div class=\"elementor-element elementor-element-bf7ed8c e-con-full bkg-glass-no-animation e-flex e-con e-child\" data-id=\"bf7ed8c\" data-element_type=\"container\" data-e-type=\"container\"><div class=\"elementor-element elementor-element-396f1ee e-con-full e-flex e-con e-child\" data-id=\"396f1ee\" data-element_type=\"container\" data-e-type=\"container\"><div class=\"elementor-element elementor-element-4b2b0f8 elementor-widget elementor-widget-heading\" data-id=\"4b2b0f8\" data-element_type=\"widget\" data-e-type=\"widget\" data-widget_type=\"heading.default\"><h2 class=\"elementor-heading-title elementor-size-default\">Risotto mit Meeresfr\u00fcchten<\/h2><\/div><div class=\"elementor-element elementor-element-piatto-meta elementor-widget elementor-widget-text-editor\" data-id=\"piatto-meta\" data-element_type=\"widget\" data-widget_type=\"text-editor.default\"><div class=\"elementor-text-editor elementor-clearfix\"><p>Abendessen, erster gang<\/p><\/div><\/div><div class=\"elementor-element elementor-element-cd8685a elementor-widget elementor-widget-heading\" data-id=\"cd8685a\" data-element_type=\"widget\" data-e-type=\"widget\" data-widget_type=\"heading.default\"><h6 class=\"elementor-heading-title elementor-size-default\">ALLERGEN<\/h6><\/div><div class=\"elementor-element elementor-element-69dc728 elementor-widget__width-inherit elementor-widget elementor-widget-shortcode\" data-id=\"69dc728\" data-element_type=\"widget\" data-e-type=\"widget\" data-widget_type=\"shortcode.default\"><div class=\"elementor-shortcode\"><div class=\"menu-item__icone\"><div class=\"mb-3 menu-item__allergens\" aria-label=\"Allergeni\">(2, 4, 7, 9, 14)<\/div><span class=\"menu-item__icona menu-item__icona--it_icona_piatto_1\"><img decoding=\"async\" src=\"https:\/\/savoiaguest.savoiaterme.it\/wp-content\/uploads\/2025\/11\/gluten_free.png\" alt=\"No Glutine\" loading=\"lazy\"><\/span><\/div><\/div><\/div><\/div><\/div><\/div><\/div><div data-elementor-type=\"loop-item\" data-elementor-id=\"1984\" class=\"elementor elementor-1984 e-loop-item e-loop-item-2219 post-2350 piatto type-piatto status-publish hentry piatto-del-giorno-piatto-del-giorno tipologia-piatto-secondo\" data-elementor-post-type=\"elementor_library\" data-custom-edit-handle=\"1\"><div class=\"elementor-element elementor-element-9424e08 e-flex e-con-boxed e-con e-parent e-lazyloaded\" data-id=\"9424e08\" data-element_type=\"container\" data-e-type=\"container\"><div class=\"e-con-inner\"><div class=\"elementor-element elementor-element-bf7ed8c e-con-full bkg-glass-no-animation e-flex e-con e-child\" data-id=\"bf7ed8c\" data-element_type=\"container\" data-e-type=\"container\"><div class=\"elementor-element elementor-element-396f1ee e-con-full e-flex e-con e-child\" data-id=\"396f1ee\" data-element_type=\"container\" data-e-type=\"container\"><div class=\"elementor-element elementor-element-4b2b0f8 elementor-widget elementor-widget-heading\" data-id=\"4b2b0f8\" data-element_type=\"widget\" data-e-type=\"widget\" data-widget_type=\"heading.default\"><h2 class=\"elementor-heading-title elementor-size-default\">Rigatoni Nudeln nach Gricia Art mit Schweinebacke und wei\u00dfer Zwiebel<\/h2><\/div><div class=\"elementor-element elementor-element-piatto-meta elementor-widget elementor-widget-text-editor\" data-id=\"piatto-meta\" data-element_type=\"widget\" data-widget_type=\"text-editor.default\"><div class=\"elementor-text-editor elementor-clearfix\"><p>Mittagessen, erster gang<\/p><\/div><\/div><div class=\"elementor-element elementor-element-cd8685a elementor-widget elementor-widget-heading\" data-id=\"cd8685a\" data-element_type=\"widget\" data-e-type=\"widget\" data-widget_type=\"heading.default\"><h6 class=\"elementor-heading-title elementor-size-default\">ALLERGEN<\/h6><\/div><div class=\"elementor-element elementor-element-69dc728 elementor-widget__width-inherit elementor-widget elementor-widget-shortcode\" data-id=\"69dc728\" data-element_type=\"widget\" data-e-type=\"widget\" data-widget_type=\"shortcode.default\"><div class=\"elementor-shortcode\"><div class=\"menu-item__icone\"><div class=\"mb-3 menu-item__allergens\" aria-label=\"Allergeni\">(1)<\/div><span class=\"menu-item__icona menu-item__icona--it_icona_piatto_1\"><img decoding=\"async\" src=\"https:\/\/savoiaguest.savoiaterme.it\/wp-content\/uploads\/2025\/11\/gluten_free.png\" alt=\"No Glutine\" loading=\"lazy\"><\/span><\/div><\/div><\/div><\/div><\/div><\/div><\/div><\/div>\n\t\t\t\t\t\t<\/div>\n\t\t\t\t\t<\/div>\n\t\t\t\t<\/div>\n\t\t<div class=\"elementor-element elementor-element-1d54536 e-flex e-con-boxed e-con e-parent\" data-id=\"1d54536\" data-element_type=\"container\" data-e-type=\"container\">\n\t\t\t\t\t<div class=\"e-con-inner\">\n\t\t<div class=\"elementor-element elementor-element-a493b78 e-con-full bkg-glass-no-animation e-flex e-con e-child\" data-id=\"a493b78\" data-element_type=\"container\" data-e-type=\"container\">\n\t\t\t\t<div class=\"elementor-element elementor-element-8f11e7f elementor-widget elementor-widget-heading\" data-id=\"8f11e7f\" data-element_type=\"widget\" data-e-type=\"widget\" data-widget_type=\"heading.default\">\n\t\t\t\t\t<h2 class=\"elementor-heading-title elementor-size-default\">ALLERGEN-LEGENDE<\/h2>\t\t\t\t<\/div>\n\t\t\t\t<div class=\"elementor-element elementor-element-8f5712b elementor-widget elementor-widget-shortcode\" data-id=\"8f5712b\" data-element_type=\"widget\" data-e-type=\"widget\" data-widget_type=\"shortcode.default\">\n\t\t\t\t\t\t\t<div class=\"elementor-shortcode\"><ul class=\"allergen-icons\"><li class=\"allergen-icons__item\"><img loading=\"lazy\" decoding=\"async\" width=\"200\" height=\"200\" src=\"https:\/\/savoiaguest.savoiaterme.it\/wp-content\/uploads\/2025\/11\/lactose_free.png\" class=\"allergen-icons__img\" alt=\"\" loading=\"lazy\" description=\"\" srcset=\"https:\/\/savoiaguest.savoiaterme.it\/wp-content\/uploads\/2025\/11\/lactose_free.png 200w, https:\/\/savoiaguest.savoiaterme.it\/wp-content\/uploads\/2025\/11\/lactose_free-150x150.png 150w\" sizes=\"auto, (max-width: 200px) 100vw, 200px\" \/><span>Laktosefrei<\/span><\/li><li class=\"allergen-icons__item\"><img loading=\"lazy\" decoding=\"async\" width=\"200\" height=\"200\" src=\"https:\/\/savoiaguest.savoiaterme.it\/wp-content\/uploads\/2025\/11\/lactose-gluten_free.png\" class=\"allergen-icons__img\" alt=\"\" loading=\"lazy\" description=\"\" srcset=\"https:\/\/savoiaguest.savoiaterme.it\/wp-content\/uploads\/2025\/11\/lactose-gluten_free.png 200w, https:\/\/savoiaguest.savoiaterme.it\/wp-content\/uploads\/2025\/11\/lactose-gluten_free-150x150.png 150w\" sizes=\"auto, (max-width: 200px) 100vw, 200px\" \/><span>Glutenfrei, laktosefrei<\/span><\/li><li class=\"allergen-icons__item\"><img loading=\"lazy\" decoding=\"async\" width=\"200\" height=\"200\" src=\"https:\/\/savoiaguest.savoiaterme.it\/wp-content\/uploads\/2025\/11\/gluten_free.png\" class=\"allergen-icons__img\" alt=\"\" loading=\"lazy\" description=\"\" srcset=\"https:\/\/savoiaguest.savoiaterme.it\/wp-content\/uploads\/2025\/11\/gluten_free.png 200w, https:\/\/savoiaguest.savoiaterme.it\/wp-content\/uploads\/2025\/11\/gluten_free-150x150.png 150w\" sizes=\"auto, (max-width: 200px) 100vw, 200px\" \/><span>Glutenfrei<\/span><\/li><\/ul><\/div>\n\t\t\t\t\t\t<\/div>\n\t\t\t\t<div class=\"elementor-element elementor-element-d5563c5 elementor-widget elementor-widget-shortcode\" data-id=\"d5563c5\" data-element_type=\"widget\" data-e-type=\"widget\" data-widget_type=\"shortcode.default\">\n\t\t\t\t\t\t\t<div class=\"elementor-shortcode\"><section class=\"allergens-table\" aria-labelledby=\"allergens-title\"><table id=\"table-allergens\" class=\"allergens-table__table\" aria-describedby=\"allergens-title\"><caption class=\"screen-reader-text\">Allergeni<\/caption><thead><tr><th scope=\"col\" class=\"allergens-table__th-index\">#<\/th><th scope=\"col\" class=\"allergens-table__th-desc\">Descrizione<\/th><\/tr><\/thead><tbody><tr id=\"allergen-1\"><th scope=\"row\" class=\"allergens-table__index\">1<\/th><td class=\"allergens-table__desc\">Glutenhaltiges Getreide (Weizen, Roggen, Gerste, Hafer, Dinkel, Kamut oder deren Hybridformen) und daraus gewonnene Erzeugnisse, ausgenommen: Glukosesirupe auf Weizenbasis, Maltodextrine auf Weizenbasis, Glukosesirupe auf Gerstenbasis; Getreide, das zur Herstellung von Destillaten verwendet wird, einschlie\u00dflich Ethylalkohol landwirtschaftlichen Ursprungs<\/td><\/tr><tr id=\"allergen-2\"><th scope=\"row\" class=\"allergens-table__index\">2<\/th><td class=\"allergens-table__desc\">Krebstiere und Produkte auf Basis von Krebstieren<\/td><\/tr><tr id=\"allergen-3\"><th scope=\"row\" class=\"allergens-table__index\">3<\/th><td class=\"allergens-table__desc\">Eier und Eiprodukte (einschlie\u00dflich Eier aller Arten)<\/td><\/tr><tr id=\"allergen-4\"><th scope=\"row\" class=\"allergens-table__index\">4<\/th><td class=\"allergens-table__desc\">Fisch und Fischprodukte, ausgenommen: Fischgelatine, die als Tr\u00e4gerstoff f\u00fcr Vitamin- oder Carotinoidpr\u00e4parate verwendet wird; Gelatine oder Fischleim, die als Kl\u00e4rmittel in Bier und Wein verwendet werden<\/td><\/tr><tr id=\"allergen-5\"><th scope=\"row\" class=\"allergens-table__index\">5<\/th><td class=\"allergens-table__desc\">Erdn\u00fcsse und Erdnussprodukte<\/td><\/tr><tr id=\"allergen-6\"><th scope=\"row\" class=\"allergens-table__index\">6<\/th><td class=\"allergens-table__desc\">Soja und Sojaprodukte, ausgenommen: raffiniertes Soja\u00f6l und Sojafett; nat\u00fcrliche gemischte Tocopherole (E306), nat\u00fcrliches D-alpha-Tocopherolacetat; nat\u00fcrliches D-alpha-Tocopherol; nat\u00fcrliches Tocopherolsuccinat auf Sojabasis; Pflanzen\u00f6le aus Phytosterolen und Phytosterolestern auf Sojabasis; Pflanzen\u00f6lester aus Sterolen aus Soja\u00f6l<\/td><\/tr><tr id=\"allergen-7\"><th scope=\"row\" class=\"allergens-table__index\">7<\/th><td class=\"allergens-table__desc\">Milch und Milchprodukte. Ausgenommen: Molke, die zur Herstellung von Alkohol verwendet wird, einschlie\u00dflich Ethylalkohol landwirtschaftlichen Ursprungs (Milchzucker); (einschlie\u00dflich Kuh-, Ziegen- und Schafsmilch sowie alle daraus hergestellten Produkte)<\/td><\/tr><tr id=\"allergen-8\"><th scope=\"row\" class=\"allergens-table__index\">8<\/th><td class=\"allergens-table__desc\">Schalenfr\u00fcchte, Mandeln (Amigdalus communis L.), Haseln\u00fcsse (Corylus avellana), Waln\u00fcsse (Juglans regia), Cashewn\u00fcsse (Anacardium occidentale), Pekann\u00fcsse (Carya illinoiensis \u2013 Wangenh \u2013 K. Koch), Paran\u00fcsse (Bertholletia excelsa), Pistazien (Pistacia Vera); Macadamian\u00fcsse oder Queenslandn\u00fcsse (Macadamia ternifolia) und deren Erzeugnisse, ausgenommen Schalenfr\u00fcchte, die zur Herstellung von alkoholischen Destillaten, einschlie\u00dflich Ethylalkohol landwirtschaftlichen Ursprungs, verwendet werden<\/td><\/tr><tr id=\"allergen-9\"><th scope=\"row\" class=\"allergens-table__index\">9<\/th><td class=\"allergens-table__desc\">Sellerie und Sellerieprodukte<\/td><\/tr><tr id=\"allergen-10\"><th scope=\"row\" class=\"allergens-table__index\">10<\/th><td class=\"allergens-table__desc\">Senf und Senfprodukte<\/td><\/tr><tr id=\"allergen-11\"><th scope=\"row\" class=\"allergens-table__index\">11<\/th><td class=\"allergens-table__desc\">Sesamsamen und Sesamprodukte<\/td><\/tr><tr id=\"allergen-12\"><th scope=\"row\" class=\"allergens-table__index\">12<\/th><td class=\"allergens-table__desc\">Schwefeldioxid und Sulfite in Konzentrationen von mehr als 10 mg\/kg oder 10 mg\/l, ausgedr\u00fcckt als Gesamt-SO2, zu berechnen f\u00fcr Produkte, die gem\u00e4\u00df den Anweisungen des Herstellers verzehrfertig oder rekonstituiert angeboten werden.<\/td><\/tr><tr id=\"allergen-13\"><th scope=\"row\" class=\"allergens-table__index\">13<\/th><td class=\"allergens-table__desc\">Lupinen und Produkte auf Lupinenbasis<\/td><\/tr><tr id=\"allergen-14\"><th scope=\"row\" class=\"allergens-table__index\">14<\/th><td class=\"allergens-table__desc\">Weichtiere und Erzeugnisse aus Weichtieren<\/td><\/tr><\/tbody><\/table><\/section>\n<\/div>\n\t\t\t\t\t\t<\/div>\n\t\t\t\t<\/div>\n\t\t\t\t\t<\/div>\n\t\t\t\t<\/div>\n\t\t\t\t<\/div>\n\t\t","protected":false},"excerpt":{"rendered":"<p>Tagesgericht Andrea Dan K\u00fcchenchef des Hotel Savoia Thermae &amp; Spa Mit meiner K\u00fcche m\u00f6chte ich Ihnen ein einzigartiges sensorisches Erlebnis mit authentischen Aromen und kulinarischen Innovationen bieten. Ich lade Sie ein, unser Restaurant \u201eIl Savoiardo\u201c zu entdecken, wo jedes Gericht eine Geschichte erz\u00e4hlt und Ihren Aufenthalt unvergesslich macht. ALLERGEN-LEGENDE<\/p>\n","protected":false},"author":3,"featured_media":0,"parent":2976,"menu_order":1,"comment_status":"closed","ping_status":"closed","template":"","meta":{"_acf_changed":false,"inline_featured_image":false,"footnotes":""},"class_list":["post-4498","page","type-page","status-publish","hentry"],"acf":[],"yoast_head":"<!-- This site is optimized with the Yoast SEO plugin v27.1.1 - https:\/\/yoast.com\/product\/yoast-seo-wordpress\/ -->\n<title>Tagesgericht | Savoiaguest<\/title>\n<meta name=\"robots\" content=\"index, follow, max-snippet:-1, max-image-preview:large, max-video-preview:-1\" \/>\n<link rel=\"canonical\" href=\"https:\/\/savoiaguest.savoiaterme.it\/de\/restaurant-menue\/tagesgericht\/\" \/>\n<meta property=\"og:locale\" content=\"de_DE\" \/>\n<meta property=\"og:type\" content=\"article\" \/>\n<meta property=\"og:title\" content=\"Tagesgericht | Savoiaguest\" \/>\n<meta property=\"og:description\" content=\"Tagesgericht Andrea Dan K\u00fcchenchef des Hotel Savoia Thermae &amp; Spa Mit meiner K\u00fcche m\u00f6chte ich Ihnen ein einzigartiges sensorisches Erlebnis mit authentischen Aromen und kulinarischen Innovationen bieten. Ich lade Sie ein, unser Restaurant \u201eIl Savoiardo\u201c zu entdecken, wo jedes Gericht eine Geschichte erz\u00e4hlt und Ihren Aufenthalt unvergesslich macht. ALLERGEN-LEGENDE\" \/>\n<meta property=\"og:url\" content=\"https:\/\/savoiaguest.savoiaterme.it\/de\/restaurant-menue\/tagesgericht\/\" \/>\n<meta property=\"og:site_name\" content=\"Savoiaguest\" \/>\n<meta property=\"article:publisher\" content=\"http:\/\/www.facebook.com\/savoiaterme\" \/>\n<meta property=\"article:modified_time\" content=\"2026-03-23T14:25:41+00:00\" \/>\n<meta property=\"og:image\" content=\"https:\/\/savoiaguest.savoiaterme.it\/wp-content\/uploads\/2025\/10\/logo_Savoia_infoguest.png\" \/>\n\t<meta property=\"og:image:width\" content=\"250\" \/>\n\t<meta property=\"og:image:height\" content=\"119\" \/>\n\t<meta property=\"og:image:type\" content=\"image\/png\" \/>\n<meta name=\"twitter:card\" content=\"summary_large_image\" \/>\n<script type=\"application\/ld+json\" class=\"yoast-schema-graph\">{\"@context\":\"https:\/\/schema.org\",\"@graph\":[{\"@type\":\"WebPage\",\"@id\":\"https:\/\/savoiaguest.savoiaterme.it\/de\/restaurant-menue\/tagesgericht\/\",\"url\":\"https:\/\/savoiaguest.savoiaterme.it\/de\/restaurant-menue\/tagesgericht\/\",\"name\":\"Tagesgericht | Savoiaguest\",\"isPartOf\":{\"@id\":\"https:\/\/savoiaguest.savoiaterme.it\/de\/#website\"},\"datePublished\":\"2026-03-23T09:37:08+00:00\",\"dateModified\":\"2026-03-23T14:25:41+00:00\",\"breadcrumb\":{\"@id\":\"https:\/\/savoiaguest.savoiaterme.it\/de\/restaurant-menue\/tagesgericht\/#breadcrumb\"},\"inLanguage\":\"de\",\"potentialAction\":[{\"@type\":\"ReadAction\",\"target\":[\"https:\/\/savoiaguest.savoiaterme.it\/de\/restaurant-menue\/tagesgericht\/\"]}]},{\"@type\":\"BreadcrumbList\",\"@id\":\"https:\/\/savoiaguest.savoiaterme.it\/de\/restaurant-menue\/tagesgericht\/#breadcrumb\",\"itemListElement\":[{\"@type\":\"ListItem\",\"position\":1,\"name\":\"Home\",\"item\":\"https:\/\/savoiaguest.savoiaterme.it\/de\/\"},{\"@type\":\"ListItem\",\"position\":2,\"name\":\"Restaurant Men\u00fc\",\"item\":\"https:\/\/savoiaguest.savoiaterme.it\/de\/menu-ristorante\/\"},{\"@type\":\"ListItem\",\"position\":3,\"name\":\"Tagesgericht\"}]},{\"@type\":\"WebSite\",\"@id\":\"https:\/\/savoiaguest.savoiaterme.it\/de\/#website\",\"url\":\"https:\/\/savoiaguest.savoiaterme.it\/de\/\",\"name\":\"Savoia Infoguest\",\"description\":\"\",\"publisher\":{\"@id\":\"https:\/\/savoiaguest.savoiaterme.it\/de\/#organization\"},\"potentialAction\":[{\"@type\":\"SearchAction\",\"target\":{\"@type\":\"EntryPoint\",\"urlTemplate\":\"https:\/\/savoiaguest.savoiaterme.it\/de\/?s={search_term_string}\"},\"query-input\":{\"@type\":\"PropertyValueSpecification\",\"valueRequired\":true,\"valueName\":\"search_term_string\"}}],\"inLanguage\":\"de\"},{\"@type\":\"Organization\",\"@id\":\"https:\/\/savoiaguest.savoiaterme.it\/de\/#organization\",\"name\":\"Savoia Infoguest\",\"url\":\"https:\/\/savoiaguest.savoiaterme.it\/de\/\",\"logo\":{\"@type\":\"ImageObject\",\"inLanguage\":\"de\",\"@id\":\"https:\/\/savoiaguest.savoiaterme.it\/de\/#\/schema\/logo\/image\/\",\"url\":\"https:\/\/savoiaguest.savoiaterme.it\/wp-content\/uploads\/2025\/10\/logo_Savoia_infoguest.png\",\"contentUrl\":\"https:\/\/savoiaguest.savoiaterme.it\/wp-content\/uploads\/2025\/10\/logo_Savoia_infoguest.png\",\"width\":250,\"height\":119,\"caption\":\"Savoia Infoguest\"},\"image\":{\"@id\":\"https:\/\/savoiaguest.savoiaterme.it\/de\/#\/schema\/logo\/image\/\"},\"sameAs\":[\"http:\/\/www.facebook.com\/savoiaterme\",\"https:\/\/www.instagram.com\/savoiatermeabano\/\",\"https:\/\/wa.me\/393371083111\"]}]}<\/script>\n<!-- \/ Yoast SEO plugin. -->","yoast_head_json":{"title":"Tagesgericht | Savoiaguest","robots":{"index":"index","follow":"follow","max-snippet":"max-snippet:-1","max-image-preview":"max-image-preview:large","max-video-preview":"max-video-preview:-1"},"canonical":"https:\/\/savoiaguest.savoiaterme.it\/de\/restaurant-menue\/tagesgericht\/","og_locale":"de_DE","og_type":"article","og_title":"Tagesgericht | Savoiaguest","og_description":"Tagesgericht Andrea Dan K\u00fcchenchef des Hotel Savoia Thermae &amp; Spa Mit meiner K\u00fcche m\u00f6chte ich Ihnen ein einzigartiges sensorisches Erlebnis mit authentischen Aromen und kulinarischen Innovationen bieten. Ich lade Sie ein, unser Restaurant \u201eIl Savoiardo\u201c zu entdecken, wo jedes Gericht eine Geschichte erz\u00e4hlt und Ihren Aufenthalt unvergesslich macht. ALLERGEN-LEGENDE","og_url":"https:\/\/savoiaguest.savoiaterme.it\/de\/restaurant-menue\/tagesgericht\/","og_site_name":"Savoiaguest","article_publisher":"http:\/\/www.facebook.com\/savoiaterme","article_modified_time":"2026-03-23T14:25:41+00:00","og_image":[{"width":250,"height":119,"url":"https:\/\/savoiaguest.savoiaterme.it\/wp-content\/uploads\/2025\/10\/logo_Savoia_infoguest.png","type":"image\/png"}],"twitter_card":"summary_large_image","schema":{"@context":"https:\/\/schema.org","@graph":[{"@type":"WebPage","@id":"https:\/\/savoiaguest.savoiaterme.it\/de\/restaurant-menue\/tagesgericht\/","url":"https:\/\/savoiaguest.savoiaterme.it\/de\/restaurant-menue\/tagesgericht\/","name":"Tagesgericht | Savoiaguest","isPartOf":{"@id":"https:\/\/savoiaguest.savoiaterme.it\/de\/#website"},"datePublished":"2026-03-23T09:37:08+00:00","dateModified":"2026-03-23T14:25:41+00:00","breadcrumb":{"@id":"https:\/\/savoiaguest.savoiaterme.it\/de\/restaurant-menue\/tagesgericht\/#breadcrumb"},"inLanguage":"de","potentialAction":[{"@type":"ReadAction","target":["https:\/\/savoiaguest.savoiaterme.it\/de\/restaurant-menue\/tagesgericht\/"]}]},{"@type":"BreadcrumbList","@id":"https:\/\/savoiaguest.savoiaterme.it\/de\/restaurant-menue\/tagesgericht\/#breadcrumb","itemListElement":[{"@type":"ListItem","position":1,"name":"Home","item":"https:\/\/savoiaguest.savoiaterme.it\/de\/"},{"@type":"ListItem","position":2,"name":"Restaurant Men\u00fc","item":"https:\/\/savoiaguest.savoiaterme.it\/de\/menu-ristorante\/"},{"@type":"ListItem","position":3,"name":"Tagesgericht"}]},{"@type":"WebSite","@id":"https:\/\/savoiaguest.savoiaterme.it\/de\/#website","url":"https:\/\/savoiaguest.savoiaterme.it\/de\/","name":"Savoia Infoguest","description":"","publisher":{"@id":"https:\/\/savoiaguest.savoiaterme.it\/de\/#organization"},"potentialAction":[{"@type":"SearchAction","target":{"@type":"EntryPoint","urlTemplate":"https:\/\/savoiaguest.savoiaterme.it\/de\/?s={search_term_string}"},"query-input":{"@type":"PropertyValueSpecification","valueRequired":true,"valueName":"search_term_string"}}],"inLanguage":"de"},{"@type":"Organization","@id":"https:\/\/savoiaguest.savoiaterme.it\/de\/#organization","name":"Savoia Infoguest","url":"https:\/\/savoiaguest.savoiaterme.it\/de\/","logo":{"@type":"ImageObject","inLanguage":"de","@id":"https:\/\/savoiaguest.savoiaterme.it\/de\/#\/schema\/logo\/image\/","url":"https:\/\/savoiaguest.savoiaterme.it\/wp-content\/uploads\/2025\/10\/logo_Savoia_infoguest.png","contentUrl":"https:\/\/savoiaguest.savoiaterme.it\/wp-content\/uploads\/2025\/10\/logo_Savoia_infoguest.png","width":250,"height":119,"caption":"Savoia Infoguest"},"image":{"@id":"https:\/\/savoiaguest.savoiaterme.it\/de\/#\/schema\/logo\/image\/"},"sameAs":["http:\/\/www.facebook.com\/savoiaterme","https:\/\/www.instagram.com\/savoiatermeabano\/","https:\/\/wa.me\/393371083111"]}]}},"_links":{"self":[{"href":"https:\/\/savoiaguest.savoiaterme.it\/de\/wp-json\/wp\/v2\/pages\/4498","targetHints":{"allow":["GET"]}}],"collection":[{"href":"https:\/\/savoiaguest.savoiaterme.it\/de\/wp-json\/wp\/v2\/pages"}],"about":[{"href":"https:\/\/savoiaguest.savoiaterme.it\/de\/wp-json\/wp\/v2\/types\/page"}],"author":[{"embeddable":true,"href":"https:\/\/savoiaguest.savoiaterme.it\/de\/wp-json\/wp\/v2\/users\/3"}],"replies":[{"embeddable":true,"href":"https:\/\/savoiaguest.savoiaterme.it\/de\/wp-json\/wp\/v2\/comments?post=4498"}],"version-history":[{"count":7,"href":"https:\/\/savoiaguest.savoiaterme.it\/de\/wp-json\/wp\/v2\/pages\/4498\/revisions"}],"predecessor-version":[{"id":4610,"href":"https:\/\/savoiaguest.savoiaterme.it\/de\/wp-json\/wp\/v2\/pages\/4498\/revisions\/4610"}],"up":[{"embeddable":true,"href":"https:\/\/savoiaguest.savoiaterme.it\/de\/wp-json\/wp\/v2\/pages\/2976"}],"wp:attachment":[{"href":"https:\/\/savoiaguest.savoiaterme.it\/de\/wp-json\/wp\/v2\/media?parent=4498"}],"curies":[{"name":"wp","href":"https:\/\/api.w.org\/{rel}","templated":true}]}}